{"id":4612,"date":"2018-11-19T04:56:03","date_gmt":"2018-11-19T04:56:03","guid":{"rendered":"https:\/\/www.zedosaluminios.com\/contactos\/"},"modified":"2024-08-21T18:42:12","modified_gmt":"2024-08-21T18:42:12","slug":"contacts","status":"publish","type":"page","link":"https:\/\/www.zedosaluminios.com\/en\/contacts\/","title":{"rendered":"Contacts"},"content":{"rendered":"<p>[vc_row el_id=&#8221;rs-contact&#8221; css=&#8221;.vc_custom_1543998593374{padding-top: 90px !important;padding-bottom: 36px !important;}&#8221;][vc_column]\r\n        <div class=\"rs-heading    text-center\">\r\n        \t<div class=\"title-inner\">\r\n\t            \r\n\t            <h2 class=\"title\">Get in Touch<\/h2>\r\n\t            \r\n\t        <\/div><\/div>[vc_row_inner][vc_column_inner width=&#8221;1\/2&#8243;][vc_column_text]<\/p>\n<p style=\"text-align: center;\"><strong>Z\u00e9 dos Alum\u00ednios, Lagos<\/strong><\/p>\n<p style=\"text-align: center;\"><img loading=\"lazy\" decoding=\"async\" class=\"alignnone wp-image-4243\" src=\"https:\/\/www.zedosaluminios.com\/wp-content\/uploads\/2023\/02\/Imagem-WhatsApp-2023-02-21-as-12.28.09-300x198.jpg\" alt=\"\" width=\"350\" height=\"231\" srcset=\"https:\/\/www.zedosaluminios.com\/wp-content\/uploads\/2023\/02\/Imagem-WhatsApp-2023-02-21-as-12.28.09-300x198.jpg 300w, https:\/\/www.zedosaluminios.com\/wp-content\/uploads\/2023\/02\/Imagem-WhatsApp-2023-02-21-as-12.28.09-1024x677.jpg 1024w, https:\/\/www.zedosaluminios.com\/wp-content\/uploads\/2023\/02\/Imagem-WhatsApp-2023-02-21-as-12.28.09-768x507.jpg 768w, https:\/\/www.zedosaluminios.com\/wp-content\/uploads\/2023\/02\/Imagem-WhatsApp-2023-02-21-as-12.28.09-1536x1015.jpg 1536w, https:\/\/www.zedosaluminios.com\/wp-content\/uploads\/2023\/02\/Imagem-WhatsApp-2023-02-21-as-12.28.09.jpg 2048w\" sizes=\"auto, (max-width: 350px) 100vw, 350px\" \/><\/p>\n<p style=\"text-align: center;\">Travessa dos Celeiros, Edif\u00edcio Adega, Loja 12,<br \/>\n8600-771, Lagos<\/p>\n<p>[\/vc_column_text][\/vc_column_inner][vc_column_inner width=&#8221;1\/2&#8243;][vc_column_text]<\/p>\n<p style=\"text-align: center;\"><strong>Z\u00e9 dos Alum\u00ednios, Burgau<\/strong><\/p>\n<p style=\"text-align: center;\"><img loading=\"lazy\" decoding=\"async\" class=\"alignnone wp-image-3760\" src=\"https:\/\/zedosaluminios.com\/wp-content\/uploads\/2020\/04\/loja-burgau.jpg\" alt=\"\" width=\"350\" height=\"231\" srcset=\"https:\/\/www.zedosaluminios.com\/wp-content\/uploads\/2020\/04\/loja-burgau.jpg 923w, https:\/\/www.zedosaluminios.com\/wp-content\/uploads\/2020\/04\/loja-burgau-300x198.jpg 300w, https:\/\/www.zedosaluminios.com\/wp-content\/uploads\/2020\/04\/loja-burgau-768x508.jpg 768w\" sizes=\"auto, (max-width: 350px) 100vw, 350px\" \/><\/p>\n<p style=\"text-align: center;\">E. N. 125, Cruzamento do burgau,<br \/>\n8650-116, Budens<\/p>\n<p>[\/vc_column_text][\/vc_column_inner][\/vc_row_inner][vc_row_inner][vc_column_inner][\/vc_column_inner][\/vc_row_inner][vc_row_inner][vc_column_inner width=&#8221;1\/2&#8243;][vc_column_text]<\/p>\n<p style=\"text-align: center;\"><strong>By phone:<\/strong><\/p>\n<p style=\"text-align: center;\">(00351) 282 762 711 * \u2013 Loja (Portugu\u00eas \/ Ingl\u00eas)<br \/>\n(00351) 912 922 078 * \u2013 Ivo Oliveira<\/p>\n<p style=\"text-align: center;\">(*Calls to national fixed and mobile networks)<\/p>\n<p>[\/vc_column_text][\/vc_column_inner][vc_column_inner width=&#8221;1\/2&#8243;][vc_column_text]<\/p>\n<p style=\"text-align: center;\"><strong>Mail:<br \/>\n<\/strong>geral@zedosaluminios.com<\/p>\n<p style=\"text-align: center;\"><strong>Facebook:<\/strong><br \/>\nfacebook.com\/zdaalgarve<\/p>\n<p>[\/vc_column_text][\/vc_column_inner][\/vc_row_inner][\/vc_column][\/vc_row][vc_row full_width=&#8221;stretch_row_content_no_spaces&#8221; el_class=&#8221;google-map&#8221; css=&#8221;.vc_custom_1543392580935{padding-top: 0px !important;padding-right: 0px !important;padding-bottom: 0px !important;padding-left: 0px !important;}&#8221; el_id=&#8221;google-map&#8221;][vc_column css=&#8221;.vc_custom_1543910139263{margin-top: 0px !important;padding-top: 0px !important;}&#8221;][vc_gmaps link=&#8221;#E-8_JTNDaWZyYW1lJTIwc3JjJTNEJTIyaHR0cHMlM0ElMkYlMkZ3d3cuZ29vZ2xlLmNvbSUyRm1hcHMlMkZlbWJlZCUzRnBiJTNEJTIxMW0xOCUyMTFtMTIlMjExbTMlMjExZDE4OTEuOTg1MDk5ODk5NTE2NiUyMTJkLTguNjgwODM0NTA1NzE2ODYlMjEzZDM3LjEwNjg1NTcxNDQ3ODM5JTIxMm0zJTIxMWYwJTIxMmYwJTIxM2YwJTIxM20yJTIxMWkxMDI0JTIxMmk3NjglMjE0ZjEzLjElMjEzbTMlMjExbTIlMjExczB4ZDFiMzFjYWNhNWQyMjgzJTI1M0EweDEyOWNlOGE5Yzc4YzAzMGUlMjEyeldzT3BJR1J2Y3lCQmJIVnR3NjF1YVc5ekxDQk1ZV2R2Y3clMjE1ZTAlMjEzbTIlMjExc3B0LVBUJTIxMnNwdCUyMTR2MTU4ODE2NDYwNTUxNyUyMTVtMiUyMTFzcHQtUFQlMjEyc3B0JTIyJTIwd2lkdGglM0QlMjI2MDAlMjIlMjBoZWlnaHQlM0QlMjI1MDAlMjIlMjBzdHlsZSUzRCUyMmJvcmRlciUzQTAlMjIlMjBhbGxvd2Z1bGxzY3JlZW4lM0UlM0MlMkZpZnJhbWUlM0U=&#8221; css=&#8221;.vc_custom_1588164685009{margin-top: 0px !important;padding-top: 0px !important;}&#8221;][\/vc_column][\/vc_row]<\/p>\n","protected":false},"excerpt":{"rendered":"<p>[vc_row el_id=&#8221;rs-contact&#8221; css=&#8221;.vc_custom_1543998593374{padding-top: 90px !important;padding-bottom: 36px !important;}&#8221;][vc_column][vc_row_inner][vc_column_inner width=&#8221;1\/2&#8243;][vc_column_text] Z\u00e9 dos Alum\u00ednios, Lagos Travessa dos Celeiros, Edif\u00edcio Adega, Loja 12, 8600-771, Lagos [\/vc_column_text][\/vc_column_inner][vc_column_inner&#8230;<\/p>\n","protected":false},"author":1,"featured_media":0,"parent":0,"menu_order":0,"comment_status":"closed","ping_status":"closed","template":"","meta":{"footnotes":""},"class_list":["post-4612","page","type-page","status-publish","hentry"],"acf":[],"yoast_head":"<!-- This site is optimized with the Yoast SEO Premium plugin v20.13 (Yoast SEO v24.1) - https:\/\/yoast.com\/wordpress\/plugins\/seo\/ -->\n<title>Contacts - Z\u00e9 dos Aluminios - Servi\u00e7os em Alum\u00ednios e PVCs<\/title>\n<meta name=\"robots\" content=\"index, follow, max-snippet:-1, max-image-preview:large, max-video-preview:-1\" \/>\n<link rel=\"canonical\" href=\"https:\/\/www.zedosaluminios.com\/en\/contacts\/\" \/>\n<meta property=\"og:locale\" content=\"en_US\" \/>\n<meta property=\"og:type\" content=\"article\" \/>\n<meta property=\"og:title\" content=\"Contacts\" \/>\n<meta property=\"og:description\" content=\"[vc_row el_id=&#8221;rs-contact&#8221; css=&#8221;.vc_custom_1543998593374{padding-top: 90px !important;padding-bottom: 36px !important;}&#8221;][vc_column][vc_row_inner][vc_column_inner width=&#8221;1\/2&#8243;][vc_column_text] Z\u00e9 dos Alum\u00ednios, Lagos Travessa dos Celeiros, Edif\u00edcio Adega, Loja 12, 8600-771, Lagos [\/vc_column_text][\/vc_column_inner][vc_column_inner...\" \/>\n<meta property=\"og:url\" content=\"https:\/\/www.zedosaluminios.com\/en\/contacts\/\" \/>\n<meta property=\"og:site_name\" content=\"Z\u00e9 dos Aluminios - Servi\u00e7os em Alum\u00ednios e PVCs\" \/>\n<meta property=\"article:modified_time\" content=\"2024-08-21T18:42:12+00:00\" \/>\n<meta property=\"og:image\" content=\"https:\/\/www.zedosaluminios.com\/wp-content\/uploads\/2023\/02\/Imagem-WhatsApp-2023-02-21-as-12.28.09-300x198.jpg\" \/>\n<meta name=\"twitter:card\" content=\"summary_large_image\" \/>\n<meta name=\"twitter:label1\" content=\"Est. reading time\" \/>\n\t<meta name=\"twitter:data1\" content=\"1 minute\" \/>\n<script type=\"application\/ld+json\" class=\"yoast-schema-graph\">{\"@context\":\"https:\/\/schema.org\",\"@graph\":[{\"@type\":\"WebPage\",\"@id\":\"https:\/\/www.zedosaluminios.com\/en\/contacts\/\",\"url\":\"https:\/\/www.zedosaluminios.com\/en\/contacts\/\",\"name\":\"Contacts - Z\u00e9 dos Aluminios - Servi\u00e7os em Alum\u00ednios e PVCs\",\"isPartOf\":{\"@id\":\"https:\/\/www.zedosaluminios.com\/#website\"},\"primaryImageOfPage\":{\"@id\":\"https:\/\/www.zedosaluminios.com\/en\/contacts\/#primaryimage\"},\"image\":{\"@id\":\"https:\/\/www.zedosaluminios.com\/en\/contacts\/#primaryimage\"},\"thumbnailUrl\":\"https:\/\/www.zedosaluminios.com\/wp-content\/uploads\/2023\/02\/Imagem-WhatsApp-2023-02-21-as-12.28.09-300x198.jpg\",\"datePublished\":\"2018-11-19T04:56:03+00:00\",\"dateModified\":\"2024-08-21T18:42:12+00:00\",\"breadcrumb\":{\"@id\":\"https:\/\/www.zedosaluminios.com\/en\/contacts\/#breadcrumb\"},\"inLanguage\":\"en-US\",\"potentialAction\":[{\"@type\":\"ReadAction\",\"target\":[\"https:\/\/www.zedosaluminios.com\/en\/contacts\/\"]}]},{\"@type\":\"ImageObject\",\"inLanguage\":\"en-US\",\"@id\":\"https:\/\/www.zedosaluminios.com\/en\/contacts\/#primaryimage\",\"url\":\"https:\/\/www.zedosaluminios.com\/wp-content\/uploads\/2023\/02\/Imagem-WhatsApp-2023-02-21-as-12.28.09-300x198.jpg\",\"contentUrl\":\"https:\/\/www.zedosaluminios.com\/wp-content\/uploads\/2023\/02\/Imagem-WhatsApp-2023-02-21-as-12.28.09-300x198.jpg\"},{\"@type\":\"BreadcrumbList\",\"@id\":\"https:\/\/www.zedosaluminios.com\/en\/contacts\/#breadcrumb\",\"itemListElement\":[{\"@type\":\"ListItem\",\"position\":1,\"name\":\"Home\",\"item\":\"https:\/\/www.zedosaluminios.com\/en\/\"},{\"@type\":\"ListItem\",\"position\":2,\"name\":\"Contacts\"}]},{\"@type\":\"WebSite\",\"@id\":\"https:\/\/www.zedosaluminios.com\/#website\",\"url\":\"https:\/\/www.zedosaluminios.com\/\",\"name\":\"Z\u00e9 dos Aluminios - Servi\u00e7os em Alum\u00ednios e PVCs\",\"description\":\"Z\u00e9 dos Aluminios - Servi\u00e7os em Alum\u00ednios e PVCs\",\"potentialAction\":[{\"@type\":\"SearchAction\",\"target\":{\"@type\":\"EntryPoint\",\"urlTemplate\":\"https:\/\/www.zedosaluminios.com\/?s={search_term_string}\"},\"query-input\":{\"@type\":\"PropertyValueSpecification\",\"valueRequired\":true,\"valueName\":\"search_term_string\"}}],\"inLanguage\":\"en-US\"}]}<\/script>\n<!-- \/ Yoast SEO Premium plugin. -->","yoast_head_json":{"title":"Contacts - Z\u00e9 dos Aluminios - Servi\u00e7os em Alum\u00ednios e PVCs","robots":{"index":"index","follow":"follow","max-snippet":"max-snippet:-1","max-image-preview":"max-image-preview:large","max-video-preview":"max-video-preview:-1"},"canonical":"https:\/\/www.zedosaluminios.com\/en\/contacts\/","og_locale":"en_US","og_type":"article","og_title":"Contacts","og_description":"[vc_row el_id=&#8221;rs-contact&#8221; css=&#8221;.vc_custom_1543998593374{padding-top: 90px !important;padding-bottom: 36px !important;}&#8221;][vc_column][vc_row_inner][vc_column_inner width=&#8221;1\/2&#8243;][vc_column_text] Z\u00e9 dos Alum\u00ednios, Lagos Travessa dos Celeiros, Edif\u00edcio Adega, Loja 12, 8600-771, Lagos [\/vc_column_text][\/vc_column_inner][vc_column_inner...","og_url":"https:\/\/www.zedosaluminios.com\/en\/contacts\/","og_site_name":"Z\u00e9 dos Aluminios - Servi\u00e7os em Alum\u00ednios e PVCs","article_modified_time":"2024-08-21T18:42:12+00:00","og_image":[{"url":"https:\/\/www.zedosaluminios.com\/wp-content\/uploads\/2023\/02\/Imagem-WhatsApp-2023-02-21-as-12.28.09-300x198.jpg","type":"","width":"","height":""}],"twitter_card":"summary_large_image","twitter_misc":{"Est. reading time":"1 minute"},"schema":{"@context":"https:\/\/schema.org","@graph":[{"@type":"WebPage","@id":"https:\/\/www.zedosaluminios.com\/en\/contacts\/","url":"https:\/\/www.zedosaluminios.com\/en\/contacts\/","name":"Contacts - Z\u00e9 dos Aluminios - Servi\u00e7os em Alum\u00ednios e PVCs","isPartOf":{"@id":"https:\/\/www.zedosaluminios.com\/#website"},"primaryImageOfPage":{"@id":"https:\/\/www.zedosaluminios.com\/en\/contacts\/#primaryimage"},"image":{"@id":"https:\/\/www.zedosaluminios.com\/en\/contacts\/#primaryimage"},"thumbnailUrl":"https:\/\/www.zedosaluminios.com\/wp-content\/uploads\/2023\/02\/Imagem-WhatsApp-2023-02-21-as-12.28.09-300x198.jpg","datePublished":"2018-11-19T04:56:03+00:00","dateModified":"2024-08-21T18:42:12+00:00","breadcrumb":{"@id":"https:\/\/www.zedosaluminios.com\/en\/contacts\/#breadcrumb"},"inLanguage":"en-US","potentialAction":[{"@type":"ReadAction","target":["https:\/\/www.zedosaluminios.com\/en\/contacts\/"]}]},{"@type":"ImageObject","inLanguage":"en-US","@id":"https:\/\/www.zedosaluminios.com\/en\/contacts\/#primaryimage","url":"https:\/\/www.zedosaluminios.com\/wp-content\/uploads\/2023\/02\/Imagem-WhatsApp-2023-02-21-as-12.28.09-300x198.jpg","contentUrl":"https:\/\/www.zedosaluminios.com\/wp-content\/uploads\/2023\/02\/Imagem-WhatsApp-2023-02-21-as-12.28.09-300x198.jpg"},{"@type":"BreadcrumbList","@id":"https:\/\/www.zedosaluminios.com\/en\/contacts\/#breadcrumb","itemListElement":[{"@type":"ListItem","position":1,"name":"Home","item":"https:\/\/www.zedosaluminios.com\/en\/"},{"@type":"ListItem","position":2,"name":"Contacts"}]},{"@type":"WebSite","@id":"https:\/\/www.zedosaluminios.com\/#website","url":"https:\/\/www.zedosaluminios.com\/","name":"Z\u00e9 dos Aluminios - Servi\u00e7os em Alum\u00ednios e PVCs","description":"Z\u00e9 dos Aluminios - Servi\u00e7os em Alum\u00ednios e PVCs","potentialAction":[{"@type":"SearchAction","target":{"@type":"EntryPoint","urlTemplate":"https:\/\/www.zedosaluminios.com\/?s={search_term_string}"},"query-input":{"@type":"PropertyValueSpecification","valueRequired":true,"valueName":"search_term_string"}}],"inLanguage":"en-US"}]}},"_links":{"self":[{"href":"https:\/\/www.zedosaluminios.com\/en\/wp-json\/wp\/v2\/pages\/4612","targetHints":{"allow":["GET"]}}],"collection":[{"href":"https:\/\/www.zedosaluminios.com\/en\/wp-json\/wp\/v2\/pages"}],"about":[{"href":"https:\/\/www.zedosaluminios.com\/en\/wp-json\/wp\/v2\/types\/page"}],"author":[{"embeddable":true,"href":"https:\/\/www.zedosaluminios.com\/en\/wp-json\/wp\/v2\/users\/1"}],"replies":[{"embeddable":true,"href":"https:\/\/www.zedosaluminios.com\/en\/wp-json\/wp\/v2\/comments?post=4612"}],"version-history":[{"count":6,"href":"https:\/\/www.zedosaluminios.com\/en\/wp-json\/wp\/v2\/pages\/4612\/revisions"}],"predecessor-version":[{"id":4692,"href":"https:\/\/www.zedosaluminios.com\/en\/wp-json\/wp\/v2\/pages\/4612\/revisions\/4692"}],"wp:attachment":[{"href":"https:\/\/www.zedosaluminios.com\/en\/wp-json\/wp\/v2\/media?parent=4612"}],"curies":[{"name":"wp","href":"https:\/\/api.w.org\/{rel}","templated":true}]}}